{"id":227,"date":"2012-10-01T15:31:03","date_gmt":"2012-10-02T02:31:03","guid":{"rendered":"http:\/\/espiritismolivre.com\/?page_id=227"},"modified":"2012-10-02T07:13:09","modified_gmt":"2012-10-02T18:13:09","slug":"camille-flammarion-narracoes-do-infinito-breve-estudo","status":"publish","type":"page","link":"https:\/\/espiritismolivre.com\/?page_id=227","title":{"rendered":"CAMILLE FLAMMARION &#8211; Narra\u00e7\u00f5es do Infinito (Breve Estudo)"},"content":{"rendered":"<p style=\"text-align: justify;\"><span style=\"color: #3366ff;\">Amigos, segue um breve e humilde estudo desta obra maravilhosa. <\/span><\/p>\n<p style=\"text-align: justify;\"><span style=\"color: #3366ff;\">Aconselho a leitura, trata-se de marcante estudo para qualquer um que tenha real interesse em Astronomia, F\u00edsica, Espiritismo e Mundos Habitados.<\/span><\/p>\n<p style=\"text-align: justify;\"><span style=\"color: #3366ff;\">Qualquer observa\u00e7\u00e3o, ajuste, corre\u00e7\u00e3o, favor enviar para:<\/span><\/p>\n<p style=\"text-align: justify;\"><span style=\"color: #3366ff;\">espiritismolivre@gmail.com <\/span><\/p>\n<p style=\"text-align: justify;\"><span style=\"color: #3366ff;\">Obrigado !<\/span><\/p>\n<p style=\"text-align: justify;\">\n<p style=\"text-align: justify;\"><strong><span style=\"text-decoration: underline;\">CAMILLE FLAMMARION \u2013 NARRA\u00c7\u00d5ES DO INFINITO<\/span><\/strong><\/p>\n<p style=\"text-align: justify;\"><strong><span style=\"text-decoration: underline;\"> <\/span><\/strong><\/p>\n<p style=\"text-align: justify;\"><em><span style=\"text-decoration: underline;\">PRIMEIRA NARRATIVA<\/span><\/em><\/p>\n<p style=\"text-align: justify;\">\u201c<em>Assim se balan\u00e7a nossa faculdade pensante ao sair desta vida, entre uma realidade que n\u00e3o compreende ainda e um sonho n\u00e3o desaparecido completamente. As mais diversas impress\u00f5es se amalgamam e confundem, e se, sob o peso de sentimentos perecedouros, tem saudades da Terra de onde vem exilado, \u00e9 ent\u00e3o oprimida por um sentimento de tristeza indefin\u00edvel que pesa sobre nossos pensamentos, nos envolve de trevas e retarda a clarivid\u00eancia<\/em>\u201d (p.9).<\/p>\n<p style=\"text-align: justify;\">\u201c<em>Ora, pode-se distinguir no ser humano tr\u00eas princ\u00edpios diferentes, ainda que reunidos: 1. Corpo Material; 2. Corpo Astral; 3. Alma. (&#8230;) O corpo material \u00e9 uma associa\u00e7\u00e3o de mol\u00e9culas, formadas elas pr\u00f3prias de agrupamentos de \u00e1tomos. Os \u00e1tomos s\u00e3o inertes, passivos, governados pela for\u00e7a, e entram no organismo pela respira\u00e7\u00e3o e pelos alimentos, renovam incessantemente os tecidos, s\u00e3o substitu\u00eddos por outros, e, eliminados, v\u00e3o pertencer a outros corpos. Em alguns meses, o corpo humano \u00e9 totalmente renovado, e nem no sangue, nem na carne, nem no c\u00e9rebro, nem nos ossos resta mais um \u00fanico dos \u00e1tomos que constitu\u00edam o todo alguns meses antes<\/em>\u201d (p.11).<\/p>\n<p style=\"text-align: justify;\">\u201c<em>Quanto respirais, comeis ou bebeis j\u00e1 foi respirado, bebido ou comido milhares de vezes. Tal \u00e9 o corpo: um complexo de mol\u00e9culas mat\u00e9rias que se renovam constantemente<\/em>\u201d (p.11).<\/p>\n<p style=\"text-align: justify;\">\u201c<em>O corpo astral \u00e9, por assim dizer, imaterial, et\u00e9reo, flu\u00eddico. \u00c9 por ele que o Esp\u00edrito est\u00e1 associado ao corpo material; \u00e9 o envelope da Alma, a subst\u00e2ncia f\u00edsica do Esp\u00edrito\u201d (p.11).<\/em><\/p>\n<p style=\"text-align: justify;\"><em>\u201cPela energia vital, a Alma grupa as mol\u00e9culas, seguindo certa forma, e constitui os organismos\u201d (p.11). <\/em><\/p>\n<p style=\"text-align: justify;\"><em>\u201cA for\u00e7a rege os \u00e1tomos passivos \u2013 incapazes de se conduzirem eles pr\u00f3prios, inertes; a for\u00e7a os chama, faz que lhes obede\u00e7am, toma-os, coloca-os, disp\u00f5e de todos conforme certas regras e forma esses corpos t\u00e3o maravilhosamente organizados que o anatomista e o fisiologista contemplam. Os \u00e1tomos s\u00e3o permanentes, a for\u00e7a vital n\u00e3o. Os \u00e1tomos n\u00e3o t\u00eam idade; a for\u00e7a vital nasce, envelhece, morre\u201d (p.12).<\/em><\/p>\n<p style=\"text-align: justify;\"><em>\u201cA alma \u00e9 um ser intelectual, pensante, imaterial na ess\u00eancia. O mundo das id\u00e9ias, no qual vive, n\u00e3o \u00e9 o mundo da Mat\u00e9ria: ao tem idade, nem envelhece; n\u00e3o muda em um m\u00eas ou dois, igual ao corpo, pois, decorridos ano, lustro dec\u00eanios, sentimos que conservamos a nossa identidade, que o nosso Eu permanece\u201d (p.12).<\/em><\/p>\n<p style=\"text-align: justify;\"><em>\u201c(&#8230;) as preocupa\u00e7\u00f5es da Alma, quaisquer que sejam, pertencem \u00e0 ordem intelectual e moral, que os \u00e1tomos e as for\u00e7as f\u00edsicas n\u00e3o podem conhecer, e que existe t\u00e3o verdadeiramente quanto a ordem material\u201d (p.13)<\/em><\/p>\n<p style=\"text-align: justify;\"><em>\u201cA alma \u00e9 ligada ao corpo material pelo corpo astral, intermedi\u00e1rio, que ela conserva depois da morte. (&#8230;) Relativamente livre, a Alma pode deslocar-se facilmente e, \u00e0s vezes, projetar-se mesmo a imensas dist\u00e2ncias, com a rapidez do pensamento. (&#8230;) A transmiss\u00e3o da alma, m\u00f4nada<a href=\"file:\/\/\/C:\/Espiritismo\/CAMILLE%20FLAMMARION%20-%20Narrac%CC%A7o%CC%83es%20do%20Infinito%20(estudo).docx#_ftn1\"><strong>[1]<\/strong><\/a>-ps\u00edquica, no Espa\u00e7o, \u00e9 da mesma ordem\u201d (p.14).<\/em><\/p>\n<p style=\"text-align: justify;\"><em>\u201cO ano, os dias e as horas s\u00e3o constitu\u00eddos pelo movimento da Terra. Fora desses movimentos, o tempo terrestre n\u00e3o existe mais no Espa\u00e7o; \u00e9, pois, absolutamente imposs\u00edvel ter no\u00e7\u00e3o desse tempo<\/em>\u201d (p.17).<\/p>\n<p style=\"text-align: justify;\">Nas p\u00e1ginas seguintes, L\u00famen traz algumas revela\u00e7\u00f5es de como acompanhou o passado em outro planeta, j\u00e1 que a dist\u00e2ncia impossibilitava-o de ver o presente (devido \u00e0 velocidade da luz e sua propaga\u00e7\u00e3o a 300.000 km\/s). Logo, quanto mais pr\u00f3ximo ele chegava da Terra, mais ao presente a luz revelava.<\/p>\n<p style=\"text-align: justify;\">Talvez a principal revela\u00e7\u00e3o at\u00e9 aqui seja o fato de os Esp\u00edritos se transportarem em velocidade muito superior a da luz. Algo como a instantaneidade de realiza\u00e7\u00e3o de um pensamento. Vale ressaltar tamb\u00e9m que os dados psicografados nessa obra relativos \u00e0 velocidade da luz, dist\u00e2ncia de alguns astros, e at\u00e9 medidas de tempo de propaga\u00e7\u00e3o das imagens n\u00e3o eram ainda conhecidas pela ci\u00eancia material.<\/p>\n<p style=\"text-align: justify;\">\n<p style=\"text-align: justify;\"><em><span style=\"text-decoration: underline;\">SEGUNDA NARRATIVA<\/span><\/em><\/p>\n<p style=\"text-align: justify;\">Aqui temos a descri\u00e7\u00e3o de L\u00famen sobre a viagem que fez, assistindo ao contr\u00e1rio a hist\u00f3ria da Terra. No entanto, o planeta continuava o mesmo, a hist\u00f3ria desenhava-se ao contr\u00e1rio \u00e0 sua vis\u00e3o, j\u00e1 que ele viajava em uma velocidade superior \u00e0 da luz, verificando os raios que sa\u00edram da Terra \u00e0 raz\u00e3o de 300.000 km\/s em determinada \u00e9poca. Ele alcan\u00e7ava os feixes de luz e assim via as imagens relativas \u00e0quela \u00e9poca. Veio corroborar o que constava no cap\u00edtulo anterior.<\/p>\n<p style=\"text-align: justify;\"><em>\u201cL\u00famen\u00a0\u2013\u00a0O c\u00e1lculo \u00e9 dos mais f\u00e1ceis; o intervalo que as separa corresponde ao percorrido pela luz durante um s\u00e9culo. Ora, \u00e0 raz\u00e3o de 300.000 quil\u00f4metros por segundo, vereis que viajou 18 milh\u00f5es em um minuto, mil e oitenta milh\u00f5es em uma hora, vinte cinco bilh\u00f5es novecentos vinte tr\u00eas milh\u00f5es e duzentos mil em um dia, nove mil trilh\u00f5es quatrocentos e sessenta e sete bilh\u00f5es duzentos oitenta milh\u00f5es em um ano, tendo em conta os bissextos. Disso se conclui, em conseq\u00fc\u00eancia, que o intervalo entre dois pontos que guardam um s\u00e9culo de dist\u00e2ncia ser\u00e1 de 946 trilh\u00f5es e 728 bilh\u00f5es de quil\u00f4metros aproximadamente.<\/em><\/p>\n<p style=\"text-align: justify;\"><em>Eis, disse eu, uma s\u00e9rie de fotografias terrestres escalonadas no Espa\u00e7o a intervalos respectivos. Suponhamos agora que entre cada uma dessas imagens seculares se encontram escalonadas, a seu turno, as imagens anuais, guardando entre cada uma a dist\u00e2ncia que a luz percorre em um ano, e a que venho de me referir; e pois que de permeio a cada imagem anual temos as de cada dia; e pois que cada dia cont\u00e9m as das horas e cada hora, afinal, a imagem dos seus minutos, e estes a dos segundos que os formam, e o todo sucedendo-se de acordo com a dist\u00e2ncia correspondente a cada um deles; teremos em um raio de luz, ou, para melhor dizer, em um jato de luz composto de uma s\u00e9rie de imagens distintas, justapostas, a inscri\u00e7\u00e3o c\u00f3smica da hist\u00f3ria da Terra.<\/em><\/p>\n<p style=\"text-align: justify;\"><em>Quando o Esp\u00edrito viaja nesse raio et\u00e9reo de imagens com velocidade superior \u00e0 da luz, encontra sucessivamente as antigas.<\/em>\u201d (p. 61-62).<\/p>\n<p style=\"text-align: justify;\">\u201c<em>Assim, por exemplo, a atra\u00e7\u00e3o atinge instantaneamente os cento e quarenta e nove milh\u00f5es de quil\u00f4metros que separam a Terra do Sol, enquanto que a luz emprega para isso 493 segundos<\/em>.\u201d (p. 63)<\/p>\n<p style=\"text-align: justify;\">Este \u00e9 um diferencial chocante, tendo em refer\u00eancia que os estudos na Terra, mais de uma centena de anos ap\u00f3s a publica\u00e7\u00e3o desta obra, ainda utiliza a luz no v\u00e1cuo como sua m\u00e1xima refer\u00eancia.<\/p>\n<p style=\"text-align: justify;\">\n<p style=\"text-align: justify;\"><span style=\"text-decoration: underline;\">TERCEIRA NARRATIVA<\/span><\/p>\n<p style=\"text-align: justify;\">Na \u00e9poca em que esta obra foi escrita (segunda metade do s\u00e9culo XIX) o materialismo positivista ainda imperava como \u00fanica forma aceita de ci\u00eancia, e a descren\u00e7a do Quaerens nas revela\u00e7\u00f5es passadas era evidente, pois tratava-se de informa\u00e7\u00f5es em comprova\u00e7\u00e3o, que pertenceriam \u00e0 metaf\u00edsica, j\u00e1 que, t\u00e3o cedo n\u00e3o seriam pass\u00edveis de comprova\u00e7\u00e3o.<\/p>\n<p style=\"text-align: justify;\"><em>\u201cL\u00famen\u00a0\u2013\u00a0Ficai certo, meu amigo, de que nunca me formalizo, de modo algum, e para elevar ao meu grau a esfera das vossas concep\u00e7\u00f5es posso, imediatamente, abrir vosso olhar ante a insufici\u00eancia das vossas faculdades terrestres, e sobre a pobreza fatal da ci\u00eancia chamada positiva, convidando-vos a refletir em que as causas das vossas impress\u00f5es s\u00e3o unicamente modalidades de movimento, e que quanto orgulhosamente se denomina ci\u00eancia n\u00e3o passa de percep\u00e7\u00e3o org\u00e2nica muito limitada<\/em>\u201d (p. 70)<\/p>\n<p style=\"text-align: justify;\">\u201c<em>N\u00e3o conheceis, pois nem vos \u00e9 poss\u00edvel conhecer, sen\u00e3o as impress\u00f5es que possam fazer vibrar as cordas da vossa lira corporal que se chamam nervo \u00f3ptico e nervo auditivo.<\/em><\/p>\n<p style=\"text-align: justify;\"><em>Imaginai, por um instante, a extens\u00e3o das coisas impercept\u00edveis para v\u00f3s outros. Todos os movimentos ondulat\u00f3rios que existem no universo, entre aqueles que d\u00e3o a cifra de 36.000 e os que fornecem a de 458 trilh\u00f5es (458.000.000.000.000) na mesma unidade de tempo, n\u00e3o podem ser percebidos, nem vistos por v\u00f3s, e fatalmente permanecer\u00e3o desconhecidos \u00e0s vossas faculdades de apreens\u00e3o. Experimentai medir tal escala. A ci\u00eancia contempor\u00e2nea come\u00e7a a penetrar um pouco por esse mundo invis\u00edvel, e sabeis que acabam de mensurar as vibra\u00e7\u00f5es inferiores a 458 trilh\u00f5es (os raios calor\u00edficos, invis\u00edveis, infravermelhos) e as superiores a 727 trilh\u00f5es (raios qu\u00edmicos, tamb\u00e9m invis\u00edveis ultravioleta). Os m\u00e9todos cient\u00edficos, por\u00e9m, t\u00eam capacidade apenas para estender um pouquinho a esfera da percep\u00e7\u00e3o direta, sem poder elastec\u00ea-la muito<\/em>\u201d (p.71)<\/p>\n<p style=\"text-align: justify;\"><em>\u201cL\u00famen\u00a0\u2013\u00a0No c\u00e9u, \u00f3 meu terrestre amigo, pouco se apreciam essas lembran\u00e7as de ordem material, e muito me admiro de que estejais a isso preso ainda. O caracter\u00edstico que vos deve particularmente impressionar, no conjunto dos fatos que constituem as nossas duas palestras, \u00e9 que, em virtude das leis da luz, podemos rever os acontecimentos depois de ocorridos, e at\u00e9 mesmo quando depois de consumados, se hajam dissipado, em realidade<\/em>\u201d (p. 79).<\/p>\n<p style=\"text-align: justify;\">\u201c<em>Mas, repito, o ponto capital das nossas palestras foi fazer-se compreender que a vida passada dos mundos e dos seres existe sempre no Espa\u00e7o, gra\u00e7as \u00e0 transmiss\u00e3o sucessiva da luz atrav\u00e9s das vastas regi\u00f5es do Infinito<\/em>\u201d (p. 81)<\/p>\n<p style=\"text-align: justify;\">\n<p style=\"text-align: justify;\"><span style=\"text-decoration: underline;\">QUARTA NARRATIVA<\/span><\/p>\n<p style=\"text-align: justify;\">\n<p style=\"text-align: justify;\"><em>\u201cL\u00famen\u00a0\u2013\u00a0Uma distin\u00e7\u00e3o profunda, inimagin\u00e1vel para v\u00f3s, separa em geral as formas animadas dos diferentes globos. Essas formas s\u00e3o o resultado dos elementos especiais a cada orbe e das for\u00e7as que o regem: mat\u00e9ria, densidade, peso, calor, luz, eletricidade, atmosfera, etc., diferem essencialmente de um mundo a outro. Em um id\u00eantico sistema, essas formas j\u00e1 diferem. Assim, os homens de Tit\u00e3, no sistema de Saturno, e os do planeta Merc\u00fario n\u00e3o se assemelham em nada aos homens da Terra; e aquele que os visse pela primeira vez n\u00e3o identificaria neles nem cabe\u00e7a, nem membros, nem sentidos<\/em>\u201d. (p.88)<\/p>\n<p style=\"text-align: justify;\">L\u00famen narra ainda que p\u00f4de ver uma exist\u00eancia anterior a da Terra, em um planeta localizado na constela\u00e7\u00e3o de Virgem. Pelo c\u00e1lculo apresentado entre dist\u00e2ncia \/ velocidade da luz \/ anos, \u00e9 plenamente poss\u00edvel e verdadeiro.<\/p>\n<p style=\"text-align: justify;\">\u201c<em>O raio luminoso, ou, para falar mais exatamente, a fotografia desse mundo da Virgem \u2013 empregando 2.064 meses terr\u00e1queos para atravessar a imensa extens\u00e3o que o separa de Capela, e estando eu neste \u00faltimo, eu a recebia somente agora com a imagem da constela\u00e7\u00e3o da Virgem de 8.944 semanas antes. E, ainda que as coisas se hajam vigorosamente modificado depois; que muitas gera\u00e7\u00f5es se hajam sucedido; que eu pr\u00f3prio tenha morrido e, depois dessa \u00e9poca, tido tempo de renascer uma nova vez, e viver quase tr\u00eas quartos de s\u00e9culo sobre a Terra, contudo, a luz havia empregado todo esse interregno em percorrer seu trajeto da Virgem a Capela, e trazia-me impress\u00f5es frescas de tais acontecimentos desaparecidos<\/em>\u201d. (p. 92)<\/p>\n<p style=\"text-align: justify;\">\u201c<em>A luz de todo astro, direta ou refletida, de alguma sorte diz o aspecto de cada sol e de cada planeta, expandindo-se no Espa\u00e7o segundo a velocidade que conheceis, e o raio luminoso cont\u00e9m tudo quanto existiu. E porque nada se perde, a hist\u00f3ria de cada mundo, contida na luz que dele emana incessantemente e sucessivamente, atravessa por toda a eternidade o espa\u00e7o infinito, sem que jamais possa ser aniquilada. O olhar humano n\u00e3o a saberia ler. H\u00e1, por\u00e9m, olhos superiores aos terrestres. Se uso nestas narrativas os voc\u00e1bulos ver e luz, \u00e9 apenas para me tornar compreens\u00edvel; mas, conforme assinalamos em palestra anterior, falando de modo absoluto, n\u00e3o existe luz: h\u00e1 vibra\u00e7\u00f5es do \u00e9ter; n\u00e3o existe vista: h\u00e1 percep\u00e7\u00f5es do pensamento<\/em>\u201d. ( P.93)<\/p>\n<p style=\"text-align: justify;\"><em>\u201cO conjunto da minha vida terrena \u00e9, no entanto, superior ao da exist\u00eancia precedente. Cada crian\u00e7a traz, ao nascer, faculdades diferentes, predisposi\u00e7\u00f5es especiais, dessemelhan\u00e7as inatas, al\u00e9m de incontest\u00e1veis, que n\u00e3o se podem explicar ante o esp\u00edrito filos\u00f3fico e diante da Justi\u00e7a eterna, sen\u00e3o pelos labores anteriormente realizados pelas almas livres. Mas, embora a minha vida seja superior \u00e0 que a antecedeu, principalmente sob o ponto de vista do conhecimento mais exato e mais profundo do sistema do mundo, devo, sem embargo disso, salientar que certas faculdades f\u00edsicas e morais, possu\u00eddas anteriormente, me faltaram sobre a Terra. Reciprocamente, possu\u00eda neste mundo faculdades que n\u00e3o havia recebido na exist\u00eancia procedente\u201d.<\/em> (p.95)<\/p>\n<p style=\"text-align: justify;\">\u201c<em>Quaerens- Resulta da vis\u00e3o precedente que a vossa exist\u00eancia terreal n\u00e3o \u00e9 a primeira, e que, antes de viver na Terra, j\u00e1 hav\u00edeis habitado um outro mundo. Acreditais, por isso, na pluralidade das exist\u00eancias para a alma?<\/em><\/p>\n<p style=\"text-align: justify;\"><em>L\u00famen \u2013 Esqueceis que falais a um Esp\u00edrito desencarnado? Tenho de me render \u00e0 evid\u00eancia, ante a vis\u00e3o da minha vida terrestre e da anterior no planeta virginal. Recordo-me, al\u00e9m disso, de muitas outras exist\u00eancias.<\/em><\/p>\n<p style=\"text-align: justify;\"><em>Qu\u0153rens \u2013 Eis precisamente o que me falta para estabelecer em mim uma convic\u00e7\u00e3o. N\u00e3o me lembro, em absoluto, de coisa alguma que tenha podido preceder meu nascimento terrestre.<\/em><\/p>\n<p style=\"text-align: justify;\"><em>L\u00famen \u2013 Estais ainda encarnado. Aguardai vossa liberdade, para que possais lembrar-vos da vida espiritual. A alma n\u00e3o tem plena mem\u00f3ria, integral posse de si mesma, sen\u00e3o na sua vida normal, na vida celeste, isto \u00e9, entre suas encarna\u00e7\u00f5es. S\u00f3 ent\u00e3o ela v\u00ea, n\u00e3o somente a sua vida terreal, mas ainda as outras exist\u00eancias precedentes.\u201d (p. 95-96)<\/em><\/p>\n<p style=\"text-align: justify;\"><em>\u201cA serventia cient\u00edfica que as nossas conversa\u00e7\u00f5es vos podem trazer \u00e9 o haver demonstrado que a luz constitui o modo de transmiss\u00e3o da hist\u00f3ria universal.<\/em><\/p>\n<p style=\"text-align: justify;\"><em>Segundo a lei de tal transmiss\u00e3o sucessiva da luz, todos os acontecimentos do Universo, a hist\u00f3ria de todos os mundos, s\u00e3o espargidos no Espa\u00e7o em quadros imperec\u00edveis, ver\u00eddicos e grandiosos, da Natureza inteira\u201d<\/em> (p.102)<\/p>\n<p style=\"text-align: justify;\">Dentre todas as narra\u00e7\u00f5es e evid\u00eancias que L\u00famen nos traz, \u00e9 marcante a import\u00e2ncia da luz para o nosso est\u00e1gio evolucion\u00e1rio. N\u00e3o s\u00f3 sustenta a vida na Terra, como atua em outros orbes e guarda as imagens da hist\u00f3ria de todos os lugares em seus raios.<\/p>\n<p style=\"text-align: justify;\">\n<p style=\"text-align: justify;\"><span style=\"text-decoration: underline;\">QUINTA NARRATIVA<\/span><\/p>\n<p style=\"text-align: justify;\">\n<p style=\"text-align: justify;\">Aqui, L\u00famen continua trazendo suas vindas anteriores, em sistemas e planetas diferenciados, com organismos diferentes. Ressaltando este curioso ponto, onde ele conta como identificou o que foi Allan Kardec h\u00e1 muito tempo:<\/p>\n<p style=\"text-align: justify;\">\u201c<em>Esse mundo de Theta Orionis, com os sete s\u00f3is rodantes, \u00e9 povoado por um sistema org\u00e2nico an\u00e1logo ao que vos defini. Vivi ali h\u00e1 vinte quatro s\u00e9culos.<\/em><\/p>\n<p style=\"text-align: justify;\"><em>Foi l\u00e1 que conheci o Esp\u00edrito (encarnado no presente na Terra) que publica seus estudos sob o nome de Allan Kardec. Durante nossa vida terrena n\u00e3o nos recordamos de que \u00e9ramos velhos conhecidos, mas nos sent\u00edamos, por vezes, atra\u00eddos um para o outro por singulares aproxima\u00e7\u00f5es de pensamentos. Agora que retornou, tal qual eu, ao mundo dos Esp\u00edritos, ele se lembra tamb\u00e9m da singular Rep\u00fablica de Orion e p\u00f4de rev\u00ea-la. Sim, bem singular e, no entanto, real. N\u00e3o tendes no\u00e7\u00e3o alguma, no vosso pobre planeta, da diversidade inimagin\u00e1vel que distingue os mundos, em sua geologia, na fisiologia org\u00e2nica, nas condi\u00e7\u00f5es da habitabilidade, nas formas humanas, nas mentalidades. Ides julgar por uma s\u00e9rie de exemplos muito variados. Estas conversa\u00e7\u00f5es podem servir para esclarecer vosso conhecimento a respeito do fato geral, t\u00e3o importante \u00e0 concep\u00e7\u00e3o do Cosmos: a universal diversidade<\/em>\u201d (p. 127).<\/p>\n<p style=\"text-align: justify;\">\u00c9 um cap\u00edtulo que merece a leitura integral de seu conte\u00fado, j\u00e1 que ajuda a alimentar e reduzir nossa curiosidade a respeito da vida em outros orbes. S\u00e3o descri\u00e7\u00f5es incr\u00edveis e at\u00e9 dif\u00edceis de conceber, j\u00e1 que nos lembramos apenas da realidade atual. Por\u00e9m, L\u00famen nos ressalta a pequenez que representamos e como nosso organismo sofreu a influ\u00eancia do meio em que foi criado \/ adaptado. Inclui dados cient\u00edficos.<\/p>\n<p style=\"text-align: justify;\"><em>\u201cL\u00famen &#8211; Poderia citar mundos onde os humanos t\u00eam olhos que n\u00e3o enxergam nenhum dos raios do espectro solar que vossa vista percebe, desde o vermelho at\u00e9 o violeta, mas que v\u00eaem certos raios el\u00e9tricos invis\u00edveis para v\u00f3s outros e para os quais o vidro \u00e9 opaco, enquanto que a madeira, os tecidos e a carne s\u00e3o transparentes. Esses seres v\u00eaem principalmente o seu pr\u00f3prio esqueleto. A Natureza \u00e9, para tais olhos, toda diferente do que se apresenta para os vossos. Em uma floresta, eles n\u00e3o v\u00eaem as \u00e1rvores, mas somente a seiva sob o aspecto de fontes que jorram. Em um canteiro de jardim, n\u00e3o v\u00eaem as flores, e sim filetes l\u00edquidos e emana\u00e7\u00f5es, formando para eles toda uma outra ordem de coisas. A luz, o calor e a eletricidade n\u00e3o s\u00e3o para os sentidos deles a mesma coisa que para os vossos representam. Seus olhos se tornam cegos para as vibra\u00e7\u00f5es compreendidas entre 450 e 750 trilh\u00f5es, do infravermelho ao ultravioleta, por\u00e9m se tornam clarividentes para as superiores a 750 trilh\u00f5es at\u00e9 2 sextilh\u00f5es.<\/em><\/p>\n<p style=\"text-align: justify;\"><em>O corpo humano terrestre deve sua forma e seu estado ao meio atmosf\u00e9rico e \u00e0s condi\u00e7\u00f5es de densidade, peso e nutri\u00e7\u00e3o dentro das quais a evolu\u00e7\u00e3o vital terrestre se exerceu<\/em>\u201d (p. 136).<\/p>\n<p style=\"text-align: justify;\">\u201c<em>Assim, cada mundo foi, \u00e9 e ser\u00e1 habitado por v\u00e1rias ra\u00e7as, isto \u00e9, essencialmente diversas, e que, por vezes, n\u00e3o s\u00e3o vegetais, nem animais. O tipo Homem n\u00e3o \u00e9 universal. H\u00e1 seres pensantes de todas as formas poss\u00edveis, de todas as dimens\u00f5es, de todos os pesos, cores, sensa\u00e7\u00f5es e caracteres. O Universo \u00e9 um infinito. Nossa exist\u00eancia terrestre \u00e9 apenas uma fase nesse infinito. Diversidade inesgot\u00e1vel enriquece o campo maravilhoso do sempiterno Semeador<\/em>\u201d (p.142-143).<\/p>\n<p style=\"text-align: justify;\">L\u00famen encerra sua obra com s\u00e1bios dizeres (como sempre):<\/p>\n<p style=\"text-align: justify;\">\u201c<em>A conclus\u00e3o destas palestres, meu caro Qu\u0153rens, reside toda ela no seu princ\u00edpio. Quis que soub\u00e9sseis que a lei f\u00edsica da transmiss\u00e3o sucessiva da luz no Espa\u00e7o \u00e9 um dos elementos fundamentais das condi\u00e7\u00f5es da vida eterna. Por essa lei, todo acontecimento \u00e9 imperec\u00edvel e o passado resulta presente. A imagem da Terra de h\u00e1 sessenta s\u00e9culos est\u00e1 atualmente no Espa\u00e7o, \u00e0 dist\u00e2ncia que a luz percorreu nesses sessenta s\u00e9culos; os mundos situados em tal regi\u00e3o v\u00eaem \u00e0 Terra daquela \u00e9poca. N\u00f3s outros podemos rever a nossa pr\u00f3pria exist\u00eancia diretamente, e nossas diversas exist\u00eancias anteriores: basta para tanto estar \u00e0 dist\u00e2ncia conveniente dos mundos onde houvermos vivido<\/em>\u201d (p. 145).<\/p>\n<p style=\"text-align: justify;\">A perspectiva da vida em outros orbes nunca foi t\u00e3o esmiu\u00e7ada e nunca chegou a tantos detalhes. L\u00famen \u00e9 excepcional e pertence \u00e0 uma classe muito elevada de Esp\u00edrito. Sua liberdade no espa\u00e7o e sua permeabilidade em outros orbes demonstra uma antiguidade que lhe d\u00e1 experi\u00eancia suficiente para analisar outras densidades, mais depuradas ou mais densas, de forma ainda inacess\u00edvel \u00e0 maioria na Terra.<\/p>\n<p style=\"text-align: justify;\">Um dia teremos essa mesma liberdade e oportunidade, mas enquanto isso, esta bela obra nos serve de guia.<\/p>\n<p style=\"text-align: justify;\">\n<hr style=\"text-align: justify;\" size=\"1\" \/>\n<p style=\"text-align: justify;\"><a href=\"file:\/\/\/C:\/Espiritismo\/CAMILLE%20FLAMMARION%20-%20Narrac%CC%A7o%CC%83es%20do%20Infinito%20(estudo).docx#_ftnref1\"><em><strong>[1]<\/strong><\/em><\/a><strong><em>M\u00f4nada<\/em><\/strong><em> pelo dicion\u00e1rio Houaiss 2009<\/em><\/p>\n<p style=\"text-align: justify;\"><strong><em>1<\/em><\/strong><em> <\/em><em>Rubrica: biologia.<\/em><em> <\/em><\/p>\n<p style=\"text-align: justify;\"><em>organismo ou unidade org\u00e2nica diminuta e muito simples, como um gr\u00e3o de p\u00f3len ou um protozo\u00e1rio flagelado<\/em><\/p>\n<p style=\"text-align: justify;\"><strong><em>2<\/em><\/strong><em> <\/em><em>Rubrica: filosofia.<\/em><em> <\/em><\/p>\n<p style=\"text-align: justify;\"><em><span style=\"text-decoration: underline;\">no leibnizianismo, \u00e1tomo inextenso com atividade espiritual, componente b\u00e1sico de toda e qualquer realidade f\u00edsica ou an\u00edmica, e que apresenta as caracter\u00edsticas de imaterialidade, indivisibilidade e eternidade<\/span><\/em><\/p>\n<p style=\"text-align: justify;\"><strong><em>3<\/em><\/strong><em> <\/em><em>Rubrica: qu\u00edmica.<\/em><em> <\/em><\/p>\n<p style=\"text-align: justify;\"><em>\u00e1tomo ou radical univalente<\/em><\/p>\n<p style=\"text-align: justify;\"><strong><em>4<\/em><\/strong><em> n\u00famero formado por uma figura apenas (como 1, 2, 3, 4 etc.)<\/em><\/p>\n<p style=\"text-align: justify;\">\n","protected":false},"excerpt":{"rendered":"<p>Amigos, segue um breve e humilde estudo desta obra maravilhosa. Aconselho a leitura, trata-se de marcante estudo para qualquer um que tenha real interesse em Astronomia, F\u00edsica, Espiritismo e Mundos Habitados. Qualquer observa\u00e7\u00e3o, ajuste, corre\u00e7\u00e3o, favor enviar para: espiritismolivre@gmail.com Obrigado ! CAMILLE FLAMMARION \u2013 NARRA\u00c7\u00d5ES DO INFINITO PRIMEIRA NARRATIVA \u201cAssim se balan\u00e7a nossa faculdade pensante [&hellip;]<\/p>\n","protected":false},"author":1,"featured_media":0,"parent":233,"menu_order":0,"comment_status":"open","ping_status":"closed","template":"","meta":{"footnotes":""},"_links":{"self":[{"href":"https:\/\/espiritismolivre.com\/index.php?rest_route=\/wp\/v2\/pages\/227"}],"collection":[{"href":"https:\/\/espiritismolivre.com\/index.php?rest_route=\/wp\/v2\/pages"}],"about":[{"href":"https:\/\/espiritismolivre.com\/index.php?rest_route=\/wp\/v2\/types\/page"}],"author":[{"embeddable":true,"href":"https:\/\/espiritismolivre.com\/index.php?rest_route=\/wp\/v2\/users\/1"}],"replies":[{"embeddable":true,"href":"https:\/\/espiritismolivre.com\/index.php?rest_route=%2Fwp%2Fv2%2Fcomments&post=227"}],"version-history":[{"count":4,"href":"https:\/\/espiritismolivre.com\/index.php?rest_route=\/wp\/v2\/pages\/227\/revisions"}],"predecessor-version":[{"id":235,"href":"https:\/\/espiritismolivre.com\/index.php?rest_route=\/wp\/v2\/pages\/227\/revisions\/235"}],"up":[{"embeddable":true,"href":"https:\/\/espiritismolivre.com\/index.php?rest_route=\/wp\/v2\/pages\/233"}],"wp:attachment":[{"href":"https:\/\/espiritismolivre.com\/index.php?rest_route=%2Fwp%2Fv2%2Fmedia&parent=227"}],"curies":[{"name":"wp","href":"https:\/\/api.w.org\/{rel}","templated":true}]}}